{"id":222,"date":"2017-04-28T14:12:16","date_gmt":"2017-04-28T12:12:16","guid":{"rendered":"https:\/\/www.carzig.net\/carzig\/?post_type=tribe_events&#038;p=222"},"modified":"2017-04-28T17:33:24","modified_gmt":"2017-04-28T15:33:24","slug":"politischer-fruehschoppen-in-seelow","status":"publish","type":"tribe_events","link":"https:\/\/www.carzig.net\/carzig\/event\/politischer-fruehschoppen-in-seelow\/","title":{"rendered":"Politischer Fr\u00fchschoppen in Seelow"},"content":{"rendered":"<p>Am 1. Mai um 11 Uhr wird in Seelow zu einem politschen Fr\u00fchschoppen eingeladen,<br \/>\nbei dem Vertreter der Regionalpolitik\u00a0 \u00fcber die Perspektiven im Oderland sprechen wollen.<br \/>\nDas ist die Gelegenheit f\u00fcr uns, sich zu \u00e4u\u00dfern und zu demonstrieren, dass wir keinen weiteren Ausbau der Windkraft in unserer Region wollen.<\/p>\n<p>Der Fr\u00fchschoppen findet in\u00a0der Vereinsbaracke des Seelower Fu\u00dfballvereins am Stadion statt.<\/p>\n<p><strong>Plakate hoch und hin.<\/strong><\/p>\n","protected":false},"excerpt":{"rendered":"<p>Am 1. Mai um 11 Uhr wird in Seelow zu einem politschen Fr\u00fchschoppen eingeladen, bei dem Vertreter der Regionalpolitik\u00a0 \u00fcber die Perspektiven im Oderland sprechen wollen. Das ist die Gelegenheit f\u00fcr uns, sich zu \u00e4u\u00dfern und zu demonstrieren, dass wir keinen weiteren Ausbau der Windkraft in unserer Region wollen. Der\u2026<\/p>\n<p> <a class=\"continue-reading-link\" href=\"https:\/\/www.carzig.net\/carzig\/event\/politischer-fruehschoppen-in-seelow\/\"><span>mehr lesen<\/span><i class=\"crycon-right-dir\"><\/i><\/a> <\/p>\n","protected":false},"author":1,"featured_media":0,"template":"","meta":{"xn-wppe-expiration":[],"xn-wppe-expiration-action":[],"xn-wppe-expiration-prefix":[],"_tribe_events_status":"","_tribe_events_status_reason":"","footnotes":""},"tags":[],"tribe_events_cat":[],"class_list":["post-222","tribe_events","type-tribe_events","status-publish","hentry","gallery-content-unit"],"_links":{"self":[{"href":"https:\/\/www.carzig.net\/carzig\/wp-json\/wp\/v2\/tribe_events\/222","targetHints":{"allow":["GET"]}}],"collection":[{"href":"https:\/\/www.carzig.net\/carzig\/wp-json\/wp\/v2\/tribe_events"}],"about":[{"href":"https:\/\/www.carzig.net\/carzig\/wp-json\/wp\/v2\/types\/tribe_events"}],"author":[{"embeddable":true,"href":"https:\/\/www.carzig.net\/carzig\/wp-json\/wp\/v2\/users\/1"}],"version-history":[{"count":2,"href":"https:\/\/www.carzig.net\/carzig\/wp-json\/wp\/v2\/tribe_events\/222\/revisions"}],"predecessor-version":[{"id":229,"href":"https:\/\/www.carzig.net\/carzig\/wp-json\/wp\/v2\/tribe_events\/222\/revisions\/229"}],"wp:attachment":[{"href":"https:\/\/www.carzig.net\/carzig\/wp-json\/wp\/v2\/media?parent=222"}],"wp:term":[{"taxonomy":"post_tag","embeddable":true,"href":"https:\/\/www.carzig.net\/carzig\/wp-json\/wp\/v2\/tags?post=222"},{"taxonomy":"tribe_events_cat","embeddable":true,"href":"https:\/\/www.carzig.net\/carzig\/wp-json\/wp\/v2\/tribe_events_cat?post=222"}],"curies":[{"name":"wp","href":"https:\/\/api.w.org\/{rel}","templated":true}]}}